{"id":2109,"date":"2017-06-22T15:44:11","date_gmt":"2017-06-22T13:44:11","guid":{"rendered":"http:\/\/www.archifoto.org\/?page_id=2109\/"},"modified":"2017-09-13T11:36:17","modified_gmt":"2017-09-13T09:36:17","slug":"laureaten-2010","status":"publish","type":"page","link":"http:\/\/www.archifoto.org\/de\/laureaten\/laureaten-2010\/","title":{"rendered":"Laureaten 2010"},"content":{"rendered":"<p><strong>Am 27. September 2010 sass der jury des Wettbewerbs zusammen, um die Gewinner zu bestimmen.<br \/>\nDer Jury bestand aus:<\/strong><\/p>\n<p><strong>H\u00e9lo\u00efse Con\u00e9sa<\/strong> \u2013 Konservatorin in den <a href=\"https:\/\/www.musees.strasbourg.eu\/musee-d-art-moderne-et-contemporain\" target=\"_blank\" rel=\"noopener\">MAMCS<\/a><br \/>\n<strong>Emeline Dufrennoy<\/strong> \u2013 Leiterin von <a href=\"http:\/\/www.la-chambre.org\/\" target=\"_blank\" rel=\"noopener\">La Chambre<\/a><br \/>\n<strong>Bob Fleck<\/strong> \u2013 Professor bei der <a href=\"http:\/\/www.strasbourg.archi.fr\/\" target=\"_blank\" rel=\"noopener\">ENSAS <\/a>und Fotograf<br \/>\n<strong>Urban Knapp<\/strong> \u2013 Vorsitzende des <a href=\"http:\/\/europa-archi.eu\/\" target=\"_blank\" rel=\"noopener\">Europ\u00e4isches Architekturhaus &#8211; Oberrhein<\/a> und Architekt<br \/>\n<strong>Mathieu Laperrelle<\/strong> \u2013 Vorsitzende des CROA<br \/>\n<strong>Cyrille Poy <\/strong>\u2013 Chefredakteur von <a href=\"http:\/\/www.larchitecturedaujourdhui.fr\/\" target=\"_blank\" rel=\"noopener\">Architecture d\u2019Aujourd\u2019hui<\/a><br \/>\n<strong>Christophe Thiebaut<\/strong> \u2013 Vorsitzender von <a href=\"http:\/\/www.la-chambre.org\/\" target=\"_blank\" rel=\"noopener\">La Chambre<\/a> und Sammler<br \/>\n<strong>Violaine Varin<\/strong> \u2013 Leiterin des <a href=\"http:\/\/europa-archi.eu\/\" target=\"_blank\" rel=\"noopener\">Europ\u00e4isches Architekturhaus \u2013 Oberrhein<\/a><\/p>\n<h4><strong>DAS<\/strong> <strong>THEMA F\u00dcR 2010<br \/>\n<\/strong><strong>ARCHITEKTUR IST NACHHALTIG! <\/strong><\/h4>\n<p><img loading=\"lazy\" decoding=\"async\" class=\"alignnone wp-image-1827 size-full\" src=\"http:\/\/www.archifoto.org\/wp-content\/uploads\/2017\/06\/laureat-2010_patrick-Tourneboeuf_image-head.jpg\" alt=\"\" width=\"2403\" height=\"1057\" srcset=\"http:\/\/www.archifoto.org\/wp-content\/uploads\/2017\/06\/laureat-2010_patrick-Tourneboeuf_image-head.jpg 1202w, http:\/\/www.archifoto.org\/wp-content\/uploads\/2017\/06\/laureat-2010_patrick-Tourneboeuf_image-head-300x132.jpg 150w, http:\/\/www.archifoto.org\/wp-content\/uploads\/2017\/06\/laureat-2010_patrick-Tourneboeuf_image-head-768x338.jpg 384w, http:\/\/www.archifoto.org\/wp-content\/uploads\/2017\/06\/laureat-2010_patrick-Tourneboeuf_image-head-1024x450.jpg 512w, http:\/\/www.archifoto.org\/wp-content\/uploads\/2017\/06\/laureat-2010_patrick-Tourneboeuf_image-head-956x421.jpg 478w, http:\/\/www.archifoto.org\/wp-content\/uploads\/2017\/06\/laureat-2010_patrick-Tourneboeuf_image-head-632x278.jpg 316w\" sizes=\"auto, (max-width: 2403px) 100vw, 2403px\" \/><\/p>\n<div class=\"row wpspd-columns wpspd-equal-columns wpspd-columns-v-center\">\n<div class=\"col-md-4\">\n<\/div><div class=\"col-md-8\">\n<h3>Der 2010 Preistr\u00e4ger<\/h3>\n<p><strong>Patrick Tourneboeuf (Frankreich)<br \/>\n<\/strong>Patrick Tourneboeuf hat 2010 das Archifotopreis gewonnen.<br \/>\nEr hat 2 000 euros erhalten w\u00e4hrend der Vernissage der Archifotoausstellung in La Chambre.<\/p>\n<p><strong><br \/>\n<\/strong><\/p>\n<div class=\"wpspd-gallery-container wpspd-gallery-masonry wpspd-gallery-has-lightbox\" data-grid=\"small\" data-gaps=\"30\"><div id='gallery-1' class='gallery wpspd-gallery galleryid-2109 gallery-columns-3 gallery-size-wpspd-portfolio-3-auto'><div class='gallery-item'>\n\t\t\t<div class='gallery-icon landscape'>\n\t\t\t\t<a class=\"wpspd-lightbox\" href='http:\/\/www.archifoto.org\/wp-content\/uploads\/2017\/06\/Tourneboeuf-Traces-Beijing.jpg'><img loading=\"lazy\" decoding=\"async\" width=\"632\" height=\"430\" src=\"http:\/\/www.archifoto.org\/wp-content\/uploads\/2017\/06\/Tourneboeuf-Traces-Beijing-632x430.jpg\" class=\"attachment-wpspd-portfolio-3-auto size-wpspd-portfolio-3-auto responsively-lazy\" alt=\"\" aria-describedby=\"gallery-1-1990\" srcset=\"http:\/\/www.archifoto.org\/wp-content\/themes\/plate\/assets\/img\/px.gif\" sizes=\"auto, (max-width: 632px) 100vw, 632px\" data-srcset=\"http:\/\/www.archifoto.org\/wp-content\/uploads\/2017\/06\/Tourneboeuf-Traces-Beijing-632x430.jpg 316w, http:\/\/www.archifoto.org\/wp-content\/uploads\/2017\/06\/Tourneboeuf-Traces-Beijing-300x204.jpg 150w, http:\/\/www.archifoto.org\/wp-content\/uploads\/2017\/06\/Tourneboeuf-Traces-Beijing-768x522.jpg 384w, http:\/\/www.archifoto.org\/wp-content\/uploads\/2017\/06\/Tourneboeuf-Traces-Beijing-1024x696.jpg 512w, http:\/\/www.archifoto.org\/wp-content\/uploads\/2017\/06\/Tourneboeuf-Traces-Beijing-2560x1740.jpg 1280w, http:\/\/www.archifoto.org\/wp-content\/uploads\/2017\/06\/Tourneboeuf-Traces-Beijing-956x650.jpg 478w\" data-lazy-padding=\"68.038%\" data-full-size=\"3128x2126\" \/><\/a>\n\t\t\t<\/div>\n\t\t\t\t<h5 class='wp-caption-text gallery-caption' id='gallery-1-1990'>\n\t\t\t\tPatrick Tourneboeuf\n\t\t\t\t<\/h5><\/div><div class='gallery-item'>\n\t\t\t<div class='gallery-icon landscape'>\n\t\t\t\t<a class=\"wpspd-lightbox\" href='http:\/\/www.archifoto.org\/wp-content\/uploads\/2017\/06\/Tourneboeuf-Traces-Montreuil-Archifoto-2010.jpg'><img loading=\"lazy\" decoding=\"async\" width=\"632\" height=\"430\" src=\"http:\/\/www.archifoto.org\/wp-content\/uploads\/2017\/06\/Tourneboeuf-Traces-Montreuil-Archifoto-2010-632x430.jpg\" class=\"attachment-wpspd-portfolio-3-auto size-wpspd-portfolio-3-auto responsively-lazy\" alt=\"\" aria-describedby=\"gallery-1-1992\" srcset=\"http:\/\/www.archifoto.org\/wp-content\/themes\/plate\/assets\/img\/px.gif\" sizes=\"auto, (max-width: 632px) 100vw, 632px\" data-srcset=\"http:\/\/www.archifoto.org\/wp-content\/uploads\/2017\/06\/Tourneboeuf-Traces-Montreuil-Archifoto-2010-632x430.jpg 316w, http:\/\/www.archifoto.org\/wp-content\/uploads\/2017\/06\/Tourneboeuf-Traces-Montreuil-Archifoto-2010-300x204.jpg 150w, http:\/\/www.archifoto.org\/wp-content\/uploads\/2017\/06\/Tourneboeuf-Traces-Montreuil-Archifoto-2010-768x522.jpg 384w, http:\/\/www.archifoto.org\/wp-content\/uploads\/2017\/06\/Tourneboeuf-Traces-Montreuil-Archifoto-2010-1024x696.jpg 512w, http:\/\/www.archifoto.org\/wp-content\/uploads\/2017\/06\/Tourneboeuf-Traces-Montreuil-Archifoto-2010-2560x1740.jpg 1280w, http:\/\/www.archifoto.org\/wp-content\/uploads\/2017\/06\/Tourneboeuf-Traces-Montreuil-Archifoto-2010-956x650.jpg 478w\" data-lazy-padding=\"68.038%\" data-full-size=\"3128x2126\" \/><\/a>\n\t\t\t<\/div>\n\t\t\t\t<h5 class='wp-caption-text gallery-caption' id='gallery-1-1992'>\n\t\t\t\tPatrick Tourneboeuf\n\t\t\t\t<\/h5><\/div><div class='gallery-item'>\n\t\t\t<div class='gallery-icon landscape'>\n\t\t\t\t<a class=\"wpspd-lightbox\" href='http:\/\/www.archifoto.org\/wp-content\/uploads\/2017\/06\/Tourneboeuf-Traces-Berlin.jpg'><img loading=\"lazy\" decoding=\"async\" width=\"632\" height=\"430\" src=\"http:\/\/www.archifoto.org\/wp-content\/uploads\/2017\/06\/Tourneboeuf-Traces-Berlin-632x430.jpg\" class=\"attachment-wpspd-portfolio-3-auto size-wpspd-portfolio-3-auto responsively-lazy\" alt=\"\" aria-describedby=\"gallery-1-1991\" srcset=\"http:\/\/www.archifoto.org\/wp-content\/themes\/plate\/assets\/img\/px.gif\" sizes=\"auto, (max-width: 632px) 100vw, 632px\" data-srcset=\"http:\/\/www.archifoto.org\/wp-content\/uploads\/2017\/06\/Tourneboeuf-Traces-Berlin-632x430.jpg 316w, http:\/\/www.archifoto.org\/wp-content\/uploads\/2017\/06\/Tourneboeuf-Traces-Berlin-300x204.jpg 150w, http:\/\/www.archifoto.org\/wp-content\/uploads\/2017\/06\/Tourneboeuf-Traces-Berlin-768x522.jpg 384w, http:\/\/www.archifoto.org\/wp-content\/uploads\/2017\/06\/Tourneboeuf-Traces-Berlin-1024x696.jpg 512w, http:\/\/www.archifoto.org\/wp-content\/uploads\/2017\/06\/Tourneboeuf-Traces-Berlin-2560x1740.jpg 1280w, http:\/\/www.archifoto.org\/wp-content\/uploads\/2017\/06\/Tourneboeuf-Traces-Berlin-956x650.jpg 478w\" data-lazy-padding=\"68.038%\" data-full-size=\"3128x2126\" \/><\/a>\n\t\t\t<\/div>\n\t\t\t\t<h5 class='wp-caption-text gallery-caption' id='gallery-1-1991'>\n\t\t\t\tPatrick Tourneboeuf\n\t\t\t\t<\/h5><\/div>\n\t\t<\/div>\n<\/div>\n<\/div>\n<\/div>\n<p>&nbsp;<\/p>\n<p>&nbsp;<\/p>\n<p><img loading=\"lazy\" decoding=\"async\" class=\"alignnone wp-image-1989 size-full\" src=\"http:\/\/www.archifoto.org\/wp-content\/uploads\/2017\/06\/mention-sp\u00e9ciale-2010_Wolfram-Janzer_image-head.jpg\" alt=\"\" width=\"2403\" height=\"1057\" srcset=\"http:\/\/www.archifoto.org\/wp-content\/uploads\/2017\/06\/mention-sp\u00e9ciale-2010_Wolfram-Janzer_image-head.jpg 1202w, http:\/\/www.archifoto.org\/wp-content\/uploads\/2017\/06\/mention-sp\u00e9ciale-2010_Wolfram-Janzer_image-head-300x132.jpg 150w, http:\/\/www.archifoto.org\/wp-content\/uploads\/2017\/06\/mention-sp\u00e9ciale-2010_Wolfram-Janzer_image-head-768x338.jpg 384w, http:\/\/www.archifoto.org\/wp-content\/uploads\/2017\/06\/mention-sp\u00e9ciale-2010_Wolfram-Janzer_image-head-1024x450.jpg 512w, http:\/\/www.archifoto.org\/wp-content\/uploads\/2017\/06\/mention-sp\u00e9ciale-2010_Wolfram-Janzer_image-head-956x421.jpg 478w, http:\/\/www.archifoto.org\/wp-content\/uploads\/2017\/06\/mention-sp\u00e9ciale-2010_Wolfram-Janzer_image-head-632x278.jpg 316w\" sizes=\"auto, (max-width: 2403px) 100vw, 2403px\" \/><\/p>\n<div class=\"row wpspd-columns wpspd-equal-columns wpspd-columns-v-center\">\n<div class=\"col-md-4\"><\/div>\n<div class=\"col-md-8\">\n<\/div>\n<\/div>\n<div class=\"row wpspd-columns wpspd-equal-columns wpspd-columns-v-center\">\n<div class=\"col-md-4\"><\/div>\n<div class=\"col-md-8\">\n<h3>Die 2010 Mentionen<\/h3>\n<p><span style=\"color: #ff0000;\"><span style=\"color: #000000;\">Die Jury wollte ebenfalls die Arbeit von andere Fotografen ehren<\/span> <strong><br \/>\n<span style=\"color: #000000;\"> Vincent Hanrion und Luca Stoppele (Frankreich), Wolfram Janzer (Deutschland) und <\/span><\/strong><strong><span style=\"color: #000000;\">Anna Katharina Scheidegger (\u00d6sterreich)<\/span><br \/>\n<\/strong><\/span>Diese Werke waren in der <em>Archifoto 2010 \u2013 Architektur ist Nachhaltig!<\/em> Ausstellung gezeigt, vom 7. Oktober bis zum 18. Oktober 2010.<\/p>\n<p><span style=\"color: #ff0000;\"><strong><span style=\"color: #000000;\">Besondere Mention \u00ab Architektur \u00bb<\/span><br \/>\n<\/strong><\/span><strong><span style=\"color: #000000;\">Vincent Hanrion and Luca Stoppele (Frankreich) mit<em> Architectures Abusives<\/em><\/span><br \/>\n<\/strong><\/p>\n<div class=\"wpspd-gallery-container wpspd-gallery-masonry wpspd-gallery-has-lightbox\" data-grid=\"small\" data-gaps=\"30\"><div id='gallery-2' class='gallery wpspd-gallery galleryid-2109 gallery-columns-3 gallery-size-wpspd-portfolio-3-auto'><div class='gallery-item'>\n\t\t\t<div class='gallery-icon landscape'>\n\t\t\t\t<a class=\"wpspd-lightbox\" href='http:\/\/www.archifoto.org\/wp-content\/uploads\/2017\/06\/Hanrion-Stoppele-Architectures-abusives2.jpg'><img loading=\"lazy\" decoding=\"async\" width=\"632\" height=\"512\" src=\"http:\/\/www.archifoto.org\/wp-content\/uploads\/2017\/06\/Hanrion-Stoppele-Architectures-abusives2-632x512.jpg\" class=\"attachment-wpspd-portfolio-3-auto size-wpspd-portfolio-3-auto responsively-lazy\" alt=\"\" aria-describedby=\"gallery-2-1975\" srcset=\"http:\/\/www.archifoto.org\/wp-content\/themes\/plate\/assets\/img\/px.gif\" sizes=\"auto, (max-width: 632px) 100vw, 632px\" data-srcset=\"http:\/\/www.archifoto.org\/wp-content\/uploads\/2017\/06\/Hanrion-Stoppele-Architectures-abusives2-632x512.jpg 316w, http:\/\/www.archifoto.org\/wp-content\/uploads\/2017\/06\/Hanrion-Stoppele-Architectures-abusives2-300x243.jpg 150w, http:\/\/www.archifoto.org\/wp-content\/uploads\/2017\/06\/Hanrion-Stoppele-Architectures-abusives2-768x622.jpg 384w, http:\/\/www.archifoto.org\/wp-content\/uploads\/2017\/06\/Hanrion-Stoppele-Architectures-abusives2-1024x830.jpg 512w, http:\/\/www.archifoto.org\/wp-content\/uploads\/2017\/06\/Hanrion-Stoppele-Architectures-abusives2-956x775.jpg 478w, http:\/\/www.archifoto.org\/wp-content\/uploads\/2017\/06\/Hanrion-Stoppele-Architectures-abusives2.jpg 947w\" data-lazy-padding=\"81.013%\" data-full-size=\"1894x1535\" \/><\/a>\n\t\t\t<\/div>\n\t\t\t\t<h5 class='wp-caption-text gallery-caption' id='gallery-2-1975'>\n\t\t\t\tHanrion &#038; Stoppele\n\t\t\t\t<\/h5><\/div><div class='gallery-item'>\n\t\t\t<div class='gallery-icon landscape'>\n\t\t\t\t<a class=\"wpspd-lightbox\" href='http:\/\/www.archifoto.org\/wp-content\/uploads\/2017\/06\/Hanrion-Stoppele-Architectures-abusives3.jpg'><img loading=\"lazy\" decoding=\"async\" width=\"632\" height=\"512\" src=\"http:\/\/www.archifoto.org\/wp-content\/uploads\/2017\/06\/Hanrion-Stoppele-Architectures-abusives3-632x512.jpg\" class=\"attachment-wpspd-portfolio-3-auto size-wpspd-portfolio-3-auto responsively-lazy\" alt=\"\" aria-describedby=\"gallery-2-1976\" srcset=\"http:\/\/www.archifoto.org\/wp-content\/themes\/plate\/assets\/img\/px.gif\" sizes=\"auto, (max-width: 632px) 100vw, 632px\" data-srcset=\"http:\/\/www.archifoto.org\/wp-content\/uploads\/2017\/06\/Hanrion-Stoppele-Architectures-abusives3-632x512.jpg 316w, http:\/\/www.archifoto.org\/wp-content\/uploads\/2017\/06\/Hanrion-Stoppele-Architectures-abusives3-300x243.jpg 150w, http:\/\/www.archifoto.org\/wp-content\/uploads\/2017\/06\/Hanrion-Stoppele-Architectures-abusives3-768x622.jpg 384w, http:\/\/www.archifoto.org\/wp-content\/uploads\/2017\/06\/Hanrion-Stoppele-Architectures-abusives3-1024x830.jpg 512w, http:\/\/www.archifoto.org\/wp-content\/uploads\/2017\/06\/Hanrion-Stoppele-Architectures-abusives3-956x775.jpg 478w, http:\/\/www.archifoto.org\/wp-content\/uploads\/2017\/06\/Hanrion-Stoppele-Architectures-abusives3.jpg 947w\" data-lazy-padding=\"81.013%\" data-full-size=\"1894x1535\" \/><\/a>\n\t\t\t<\/div>\n\t\t\t\t<h5 class='wp-caption-text gallery-caption' id='gallery-2-1976'>\n\t\t\t\tHanrion &#038; Stoppele\n\t\t\t\t<\/h5><\/div><div class='gallery-item'>\n\t\t\t<div class='gallery-icon landscape'>\n\t\t\t\t<a class=\"wpspd-lightbox\" href='http:\/\/www.archifoto.org\/wp-content\/uploads\/2017\/06\/Hanrion-Stoppele-Architectures-abusives1.jpg'><img loading=\"lazy\" decoding=\"async\" width=\"632\" height=\"512\" src=\"http:\/\/www.archifoto.org\/wp-content\/uploads\/2017\/06\/Hanrion-Stoppele-Architectures-abusives1-632x512.jpg\" class=\"attachment-wpspd-portfolio-3-auto size-wpspd-portfolio-3-auto responsively-lazy\" alt=\"\" aria-describedby=\"gallery-2-1974\" srcset=\"http:\/\/www.archifoto.org\/wp-content\/themes\/plate\/assets\/img\/px.gif\" sizes=\"auto, (max-width: 632px) 100vw, 632px\" data-srcset=\"http:\/\/www.archifoto.org\/wp-content\/uploads\/2017\/06\/Hanrion-Stoppele-Architectures-abusives1-632x512.jpg 316w, http:\/\/www.archifoto.org\/wp-content\/uploads\/2017\/06\/Hanrion-Stoppele-Architectures-abusives1-300x243.jpg 150w, http:\/\/www.archifoto.org\/wp-content\/uploads\/2017\/06\/Hanrion-Stoppele-Architectures-abusives1-768x622.jpg 384w, http:\/\/www.archifoto.org\/wp-content\/uploads\/2017\/06\/Hanrion-Stoppele-Architectures-abusives1-1024x830.jpg 512w, http:\/\/www.archifoto.org\/wp-content\/uploads\/2017\/06\/Hanrion-Stoppele-Architectures-abusives1-956x775.jpg 478w, http:\/\/www.archifoto.org\/wp-content\/uploads\/2017\/06\/Hanrion-Stoppele-Architectures-abusives1.jpg 947w\" data-lazy-padding=\"81.013%\" data-full-size=\"1894x1535\" \/><\/a>\n\t\t\t<\/div>\n\t\t\t\t<h5 class='wp-caption-text gallery-caption' id='gallery-2-1974'>\n\t\t\t\tHanrion &#038; Stoppele\n\t\t\t\t<\/h5><\/div>\n\t\t<\/div>\n<\/div>\n<p>&nbsp;<\/p>\n<p><span style=\"color: #ff0000;\"><strong><span style=\"color: #000000;\">Besondere Mention \u00ab Fotografie \u00bb<\/span><br \/>\n<\/strong><\/span><strong><span style=\"color: #000000;\">Wolfram Janzer (Deutschland) mit <em>Wagenburg Solar<\/em><\/span><br \/>\n<\/strong><\/p>\n<div class=\"wpspd-gallery-container wpspd-gallery-masonry wpspd-gallery-has-lightbox\" data-grid=\"small\" data-gaps=\"30\"><div id='gallery-3' class='gallery wpspd-gallery galleryid-2109 gallery-columns-3 gallery-size-wpspd-portfolio-3-auto'><div class='gallery-item'>\n\t\t\t<div class='gallery-icon landscape'>\n\t\t\t\t<a class=\"wpspd-lightbox\" href='http:\/\/www.archifoto.org\/wp-content\/uploads\/2017\/06\/Janzer-Wagenburg-Solar2-e1498054819129.jpg'><img loading=\"lazy\" decoding=\"async\" width=\"632\" height=\"474\" src=\"http:\/\/www.archifoto.org\/wp-content\/uploads\/2017\/06\/Janzer-Wagenburg-Solar2-632x474.jpg\" class=\"attachment-wpspd-portfolio-3-auto size-wpspd-portfolio-3-auto responsively-lazy\" alt=\"\" aria-describedby=\"gallery-3-1980\" srcset=\"http:\/\/www.archifoto.org\/wp-content\/themes\/plate\/assets\/img\/px.gif\" sizes=\"auto, (max-width: 632px) 100vw, 632px\" data-srcset=\"http:\/\/www.archifoto.org\/wp-content\/uploads\/2017\/06\/Janzer-Wagenburg-Solar2-632x474.jpg 316w, http:\/\/www.archifoto.org\/wp-content\/uploads\/2017\/06\/Janzer-Wagenburg-Solar2-300x225.jpg 150w, http:\/\/www.archifoto.org\/wp-content\/uploads\/2017\/06\/Janzer-Wagenburg-Solar2-768x576.jpg 384w, http:\/\/www.archifoto.org\/wp-content\/uploads\/2017\/06\/Janzer-Wagenburg-Solar2-1024x768.jpg 512w, http:\/\/www.archifoto.org\/wp-content\/uploads\/2017\/06\/Janzer-Wagenburg-Solar2-956x717.jpg 478w, http:\/\/www.archifoto.org\/wp-content\/uploads\/2017\/06\/Janzer-Wagenburg-Solar2-1912x1434.jpg 956w, http:\/\/www.archifoto.org\/wp-content\/uploads\/2017\/06\/Janzer-Wagenburg-Solar2-1264x948.jpg 632w, http:\/\/www.archifoto.org\/wp-content\/uploads\/2017\/06\/Janzer-Wagenburg-Solar2-e1498054819129.jpg 400w\" data-lazy-padding=\"75%\" data-full-size=\"800x600\" \/><\/a>\n\t\t\t<\/div>\n\t\t\t\t<h5 class='wp-caption-text gallery-caption' id='gallery-3-1980'>\n\t\t\t\tWolfram Janzer\n\t\t\t\t<\/h5><\/div><div class='gallery-item'>\n\t\t\t<div class='gallery-icon landscape'>\n\t\t\t\t<a class=\"wpspd-lightbox\" href='http:\/\/www.archifoto.org\/wp-content\/uploads\/2017\/06\/Janzer-Wagenburg-Solar1-e1498054829369.jpg'><img loading=\"lazy\" decoding=\"async\" width=\"632\" height=\"474\" src=\"http:\/\/www.archifoto.org\/wp-content\/uploads\/2017\/06\/Janzer-Wagenburg-Solar1-632x474.jpg\" class=\"attachment-wpspd-portfolio-3-auto size-wpspd-portfolio-3-auto responsively-lazy\" alt=\"\" aria-describedby=\"gallery-3-1979\" srcset=\"http:\/\/www.archifoto.org\/wp-content\/themes\/plate\/assets\/img\/px.gif\" sizes=\"auto, (max-width: 632px) 100vw, 632px\" data-srcset=\"http:\/\/www.archifoto.org\/wp-content\/uploads\/2017\/06\/Janzer-Wagenburg-Solar1-632x474.jpg 316w, http:\/\/www.archifoto.org\/wp-content\/uploads\/2017\/06\/Janzer-Wagenburg-Solar1-300x225.jpg 150w, http:\/\/www.archifoto.org\/wp-content\/uploads\/2017\/06\/Janzer-Wagenburg-Solar1-768x576.jpg 384w, http:\/\/www.archifoto.org\/wp-content\/uploads\/2017\/06\/Janzer-Wagenburg-Solar1-1024x768.jpg 512w, http:\/\/www.archifoto.org\/wp-content\/uploads\/2017\/06\/Janzer-Wagenburg-Solar1-956x717.jpg 478w, http:\/\/www.archifoto.org\/wp-content\/uploads\/2017\/06\/Janzer-Wagenburg-Solar1-1912x1434.jpg 956w, http:\/\/www.archifoto.org\/wp-content\/uploads\/2017\/06\/Janzer-Wagenburg-Solar1-1264x948.jpg 632w, http:\/\/www.archifoto.org\/wp-content\/uploads\/2017\/06\/Janzer-Wagenburg-Solar1-e1498054829369.jpg 400w\" data-lazy-padding=\"75%\" data-full-size=\"800x600\" \/><\/a>\n\t\t\t<\/div>\n\t\t\t\t<h5 class='wp-caption-text gallery-caption' id='gallery-3-1979'>\n\t\t\t\tWolfram Janzer\n\t\t\t\t<\/h5><\/div><div class='gallery-item'>\n\t\t\t<div class='gallery-icon landscape'>\n\t\t\t\t<a class=\"wpspd-lightbox\" href='http:\/\/www.archifoto.org\/wp-content\/uploads\/2017\/06\/Janzer-Wagenburg-Solar3-e1498054836367.jpg'><img loading=\"lazy\" decoding=\"async\" width=\"632\" height=\"474\" src=\"http:\/\/www.archifoto.org\/wp-content\/uploads\/2017\/06\/Janzer-Wagenburg-Solar3-632x474.jpg\" class=\"attachment-wpspd-portfolio-3-auto size-wpspd-portfolio-3-auto responsively-lazy\" alt=\"\" aria-describedby=\"gallery-3-1978\" srcset=\"http:\/\/www.archifoto.org\/wp-content\/themes\/plate\/assets\/img\/px.gif\" sizes=\"auto, (max-width: 632px) 100vw, 632px\" data-srcset=\"http:\/\/www.archifoto.org\/wp-content\/uploads\/2017\/06\/Janzer-Wagenburg-Solar3-632x474.jpg 316w, http:\/\/www.archifoto.org\/wp-content\/uploads\/2017\/06\/Janzer-Wagenburg-Solar3-300x225.jpg 150w, http:\/\/www.archifoto.org\/wp-content\/uploads\/2017\/06\/Janzer-Wagenburg-Solar3-768x576.jpg 384w, http:\/\/www.archifoto.org\/wp-content\/uploads\/2017\/06\/Janzer-Wagenburg-Solar3-1024x768.jpg 512w, http:\/\/www.archifoto.org\/wp-content\/uploads\/2017\/06\/Janzer-Wagenburg-Solar3-956x717.jpg 478w, http:\/\/www.archifoto.org\/wp-content\/uploads\/2017\/06\/Janzer-Wagenburg-Solar3-1912x1434.jpg 956w, http:\/\/www.archifoto.org\/wp-content\/uploads\/2017\/06\/Janzer-Wagenburg-Solar3-1264x948.jpg 632w, http:\/\/www.archifoto.org\/wp-content\/uploads\/2017\/06\/Janzer-Wagenburg-Solar3-e1498054836367.jpg 400w\" data-lazy-padding=\"75%\" data-full-size=\"800x600\" \/><\/a>\n\t\t\t<\/div>\n\t\t\t\t<h5 class='wp-caption-text gallery-caption' id='gallery-3-1978'>\n\t\t\t\tWolfram Janzer\n\t\t\t\t<\/h5><\/div>\n\t\t<\/div>\n<\/div>\n<p>&nbsp;<\/p>\n<p><span style=\"color: #ff0000;\"><strong><span style=\"color: #000000;\">Besondere Mention der Jury<\/span><br \/>\n<\/strong><\/span><strong><span style=\"color: #000000;\">Anna Katharina Scheidegger (\u00d6sterreich) mit <em>High Altitude<\/em><\/span><br \/>\n<\/strong><\/p>\n<div class=\"wpspd-gallery-container wpspd-gallery-masonry wpspd-gallery-has-lightbox\" data-grid=\"small\" data-gaps=\"30\"><div id='gallery-4' class='gallery wpspd-gallery galleryid-2109 gallery-columns-3 gallery-size-wpspd-portfolio-3-auto'><div class='gallery-item'>\n\t\t\t<div class='gallery-icon landscape'>\n\t\t\t\t<a class=\"wpspd-lightbox\" href='http:\/\/www.archifoto.org\/wp-content\/uploads\/2017\/06\/02SC.jpg'><img loading=\"lazy\" decoding=\"async\" width=\"632\" height=\"506\" src=\"http:\/\/www.archifoto.org\/wp-content\/uploads\/2017\/06\/02SC-632x506.jpg\" class=\"attachment-wpspd-portfolio-3-auto size-wpspd-portfolio-3-auto responsively-lazy\" alt=\"\" aria-describedby=\"gallery-4-1982\" srcset=\"http:\/\/www.archifoto.org\/wp-content\/themes\/plate\/assets\/img\/px.gif\" sizes=\"auto, (max-width: 632px) 100vw, 632px\" data-srcset=\"http:\/\/www.archifoto.org\/wp-content\/uploads\/2017\/06\/02SC-632x506.jpg 316w, http:\/\/www.archifoto.org\/wp-content\/uploads\/2017\/06\/02SC-300x240.jpg 150w, http:\/\/www.archifoto.org\/wp-content\/uploads\/2017\/06\/02SC-768x615.jpg 384w, http:\/\/www.archifoto.org\/wp-content\/uploads\/2017\/06\/02SC-1024x819.jpg 512w, http:\/\/www.archifoto.org\/wp-content\/uploads\/2017\/06\/02SC-956x765.jpg 478w, http:\/\/www.archifoto.org\/wp-content\/uploads\/2017\/06\/02SC.jpg 591w\" data-lazy-padding=\"80.063%\" data-full-size=\"1181x945\" \/><\/a>\n\t\t\t<\/div>\n\t\t\t\t<h5 class='wp-caption-text gallery-caption' id='gallery-4-1982'>\n\t\t\t\tAnna Katharina Scheidegger\n\t\t\t\t<\/h5><\/div>\n\t\t\t\n\t\t<\/div>\n<\/div>\n<\/div>\n<\/div>\n<p>&nbsp;<\/p>\n<div class=\"row wpspd-columns wpspd-equal-columns wpspd-columns-v-center\">\n<div class=\"col-md-4\"><\/div>\n<div class=\"col-md-8\">\n<\/div>\n<\/div>\n<p>&nbsp;<\/p>\n","protected":false},"excerpt":{"rendered":"<p>Am 27. September 2010 sass der jury des Wettbewerbs zusammen, um die Gewinner zu bestimmen. Der Jury bestand aus: H\u00e9lo\u00efse Con\u00e9sa \u2013 Konservatorin in den MAMCS Emeline Dufrennoy \u2013 Leiterin von La Chambre Bob Fleck \u2013 Professor bei der ENSAS und Fotograf Urban Knapp \u2013 &hellip;<\/p>\n","protected":false},"author":3,"featured_media":0,"parent":2106,"menu_order":0,"comment_status":"closed","ping_status":"closed","template":"","meta":{"footnotes":""},"class_list":["post-2109","page","type-page","status-publish","hentry"],"_links":{"self":[{"href":"http:\/\/www.archifoto.org\/de\/wp-json\/wp\/v2\/pages\/2109","targetHints":{"allow":["GET"]}}],"collection":[{"href":"http:\/\/www.archifoto.org\/de\/wp-json\/wp\/v2\/pages"}],"about":[{"href":"http:\/\/www.archifoto.org\/de\/wp-json\/wp\/v2\/types\/page"}],"author":[{"embeddable":true,"href":"http:\/\/www.archifoto.org\/de\/wp-json\/wp\/v2\/users\/3"}],"replies":[{"embeddable":true,"href":"http:\/\/www.archifoto.org\/de\/wp-json\/wp\/v2\/comments?post=2109"}],"version-history":[{"count":5,"href":"http:\/\/www.archifoto.org\/de\/wp-json\/wp\/v2\/pages\/2109\/revisions"}],"predecessor-version":[{"id":2688,"href":"http:\/\/www.archifoto.org\/de\/wp-json\/wp\/v2\/pages\/2109\/revisions\/2688"}],"up":[{"embeddable":true,"href":"http:\/\/www.archifoto.org\/de\/wp-json\/wp\/v2\/pages\/2106"}],"wp:attachment":[{"href":"http:\/\/www.archifoto.org\/de\/wp-json\/wp\/v2\/media?parent=2109"}],"curies":[{"name":"wp","href":"https:\/\/api.w.org\/{rel}","templated":true}]}}